{"id":12026,"date":"2024-05-07T16:20:25","date_gmt":"2024-05-07T16:20:25","guid":{"rendered":"https:\/\/pkf.areaf5.es\/tecnologia\/?post_type=novedades-itc&#038;p=12026"},"modified":"2024-06-18T12:20:59","modified_gmt":"2024-06-18T12:20:59","slug":"remax-espana-sage-x3","status":"publish","type":"novedades-itc","link":"https:\/\/pkf.areaf5.es\/tecnologia\/novedades-itc\/remax-espana-sage-x3\/","title":{"rendered":"Remax Espa\u00f1a, 20 a\u00f1os con Sage X3 y PKF Attest"},"content":{"rendered":"\n<h2 class=\"wp-block-heading has-text-color has-link-color wp-elements-1\" id=\"h-la-conectividad-con-otros-sistemas-la-agilidad-la-eficiencia-y-la-fiabilidad-de-sage-x3-marcan-la-diferencia-en-los-proyectos\" style=\"color:#0eb4da\">La conectividad con otros sistemas, la agilidad, la eficiencia y la fiabilidad de Sage X3, marcan la diferencia en los proyectos<\/h2>\n\n\n\n<div class=\"wp-block-genesis-blocks-gb-columns gb-layout-columns-2 gb-2-col-equal\"><div class=\"gb-layout-column-wrap gb-block-layout-column-gap-2 gb-is-responsive-column\">\n<div class=\"wp-block-genesis-blocks-gb-column gb-block-layout-column\"><div class=\"gb-block-layout-column-inner\">\n<h3 class=\"wp-block-heading has-text-color has-link-color wp-elements-2\" id=\"h-la-relacion-de-pkf-attest-y-remax-espana-se-remonta-a-hace-mas-de-20-anos\" style=\"color:#0f3780\"><strong>La relaci\u00f3n de PKF Attest y Remax Espa\u00f1a se remonta a hace m\u00e1s de 20 a\u00f1os<\/strong><\/h3>\n\n\n\n<div style=\"height:30px\" aria-hidden=\"true\" class=\"wp-block-spacer\"><\/div>\n\n\n\n<h3 class=\"wp-block-heading has-text-color has-link-color has-large-font-size wp-elements-3\" id=\"h-la-empresa\" style=\"color:#0f3780\">La empresa<\/h3>\n\n\n\n<p class=\"wp-block-paragraph\">Remax Espa\u00f1a es una empresa inmobiliaria fundada por un agente inmobiliario y, por lo tanto, creada para agentes inmobiliarios. <\/p>\n\n\n\n<p class=\"wp-block-paragraph\">En la actualidad, la organizaci\u00f3n cuenta con m\u00e1s de 2.500 agentes inmobiliarios y una facturaci\u00f3n superior a los 40 millones de euros anuales. <\/p>\n\n\n\n<p class=\"wp-block-paragraph\">Cada oficina es una franquicia de propiedad y gesti\u00f3n independientes que reportan a la central.<\/p>\n<\/div><\/div>\n\n\n\n<div class=\"wp-block-genesis-blocks-gb-column gb-block-layout-column\"><div class=\"gb-block-layout-column-inner\">\n<figure class=\"wp-block-embed is-type-video is-provider-youtube wp-block-embed-youtube wp-embed-aspect-16-9 wp-has-aspect-ratio\"><div class=\"wp-block-embed__wrapper\">\n<iframe loading=\"lazy\" title=\"Remax Espa\u00f1a, 20 a\u00f1os con Sage X3 de la mano de PKF Attest\" width=\"500\" height=\"281\" src=\"https:\/\/www.youtube.com\/embed\/jNcf2ymZg90?feature=oembed\" frameborder=\"0\" allow=\"accelerometer; autoplay; clipboard-write; encrypted-media; gyroscope; picture-in-picture; web-share\" referrerpolicy=\"strict-origin-when-cross-origin\" allowfullscreen><\/iframe>\n<\/div><\/figure>\n<\/div><\/div>\n<\/div><\/div>\n\n\n\n<div class=\"wp-block-genesis-blocks-gb-columns gb-layout-columns-1 one-column\"><div class=\"gb-layout-column-wrap gb-block-layout-column-gap-2 gb-is-responsive-column\">\n<div class=\"wp-block-genesis-blocks-gb-column gb-block-layout-column\"><div class=\"gb-block-layout-column-inner\">\n<h3 class=\"wp-block-heading has-text-color has-link-color has-large-font-size wp-elements-4\" id=\"h-el-proyecto\" style=\"color:#0f3780\">El proyecto<\/h3>\n\n\n\n<p class=\"wp-block-paragraph\">Remax Espa\u00f1a necesitaba un sistema donde las franquiciadas reportaran a la central, de manera \u00e1gil, eficiente y fiable.<\/p>\n\n\n\n<p class=\"wp-block-paragraph\">Sage X3 proporcionaba la soluci\u00f3n a los retos que el proyecto planteaba, ya que adem\u00e1s de ser una herramienta con capacidad para conectarse a diversos sistemas, es intuitivo y escalable, lo que facilitar\u00eda la adaptaci\u00f3n por parte de todas las franquiciadas. <\/p>\n\n\n\n<p class=\"wp-block-paragraph\">Desde PKF Attest, hemos podido adaptar la soluci\u00f3n a las necesidades de Remax Espa\u00f1a, complement\u00e1ndolo con un desarrollo de ingenier\u00eda de software y creando la herramienta &#8220;My Broker&#8221;.<\/p>\n\n\n\n<div class=\"wp-block-columns has-text-color has-background has-link-color wp-elements-5 is-layout-flex wp-container-core-columns-is-layout-8f761849 wp-block-columns-is-layout-flex\" style=\"color:#fefefe;background-color:#e8e8e8\">\n<div class=\"wp-block-column has-text-color has-link-color wp-elements-6 is-layout-flow wp-block-column-is-layout-flow\" style=\"color:#ffffff;flex-basis:1120px\">\n<p class=\"has-text-color has-link-color wp-elements-7 wp-block-paragraph\" style=\"color:#fefefe;font-size:21px\">\u201cEs una transformaci\u00f3n total, o sea que los franquiciados puedan interactuar a trav\u00e9s de &#8220;My Broker&#8221; y puedan meter sus declaraciones y que nos lleguen aqu\u00ed, que nosotros ya podemos sacar los informes.\u201d<\/p>\n\n\n\n<p class=\"has-text-color has-link-color wp-elements-8 wp-block-paragraph\" style=\"color:#fefefe;font-size:21px\"><strong>Jos\u00e9 Ram\u00f3n Fern\u00e1ndez, director financiero y de administraci\u00f3n de Remax Espa\u00f1a<\/strong><\/p>\n<\/div>\n<\/div>\n\n\n\n<p class=\"wp-block-paragraph\">La  buena relaci\u00f3n de compromiso entre proveedor y cliente es fundamental para que los proyectos lleguen a buen puerto. En PKF Attest buscamos ser algo m\u00e1s que un mero proveedor, convirti\u00e9ndonos en un compa\u00f1ero en el camino, tanto en el presente como en el futuro, buscando la mejora constante y la innovaci\u00f3n para que nuestros clientes alcancen sus objetivos.<\/p>\n\n\n\n<p class=\"wp-block-paragraph\">Para ellos contamos con los mejores partners, como es el caso de Sage, que con su soluci\u00f3n Sage X3 nos permite ofrecer a los clientes un entorno tecnol\u00f3gico puntero, adaptable a sus necesidades.<\/p>\n\n\n<div class=\"full_width_with_cta_banner\" style=\"background-color:\">  \r\n  <div class=\"full_width_with_cta_banner_container gb-layout-column-wrap gb-block-layout-column-gap-2 gb-is-responsive-column\">\r\n    <div class=\"full_width_with_cta_banner_main\">\r\n      <h3 class=\"full_width_with_cta_banner_title\">\r\n        Una soluci\u00f3n tecnol\u00f3gica que se adapta a tus necesidades      <\/h3>\r\n      <div class=\"full_width_with_cta_banner_text\" >\r\n        Cuentanos tus objetivos, juntos encontraremos una soluci\u00f3n que se adapte      <\/div>  \r\n      <div class=\"full_width_with_cta_banner_cta\">\r\n          <a href=\"https:\/\/pkf.areaf5.es\/tecnologia\/erp\/sage-x3\/\" title=\"Solicitar una demo\">Solicitar una demo<\/a>\r\n      <\/div>\r\n    <\/div>\r\n  <\/div>\r\n<\/div>\r\n<\/div><\/div>\n<\/div><\/div>\n\n\n\n<div style=\"height:50px\" aria-hidden=\"true\" class=\"wp-block-spacer\"><\/div>\n\n\n\n<div class=\"wp-block-genesis-blocks-gb-columns gb-layout-columns-1 one-column gb-has-custom-background-color\" style=\"background-color:#f8f8f8\"><div class=\"gb-layout-column-wrap gb-block-layout-column-gap-2 gb-is-responsive-column\">\n<div class=\"wp-block-genesis-blocks-gb-column gb-block-layout-column\"><div class=\"gb-block-layout-column-inner\">  <div class=\"container_news pv0\" style=\"background-color:#fafafa\">\r\n    <div class=\"container_news_container gb-layout-column-wrap gb-block-layout-column-gap-2 gb-is-responsive-column\">\r\n      <div class=\"block_news_title home_title\">\r\n        Sage X3      <\/div>\r\n      <div class=\"block_news_elements slick-slider\">\r\n                      <div class=\"block_news_element block_news_element_articulo \" data-id=\"20293\">\r\n                <div class=\"block_news_element_image\">\r\n                  <img loading=\"lazy\" decoding=\"async\" src=\"https:\/\/pkf.areaf5.es\/tecnologia\/wp-content\/uploads\/sites\/2\/2026\/02\/Linkedin-Publicacion-Articulo-21-392x222.png\" alt=\"ERP Sage X3: La soluci\u00f3n que transforma la gesti\u00f3n empresarial\" width=\"392\" height=\"222\" \/>\r\n                <\/div>\r\n                <div class=\"block_news_element_content\">\r\n                  <div class=\"block_news_element_tag\">\r\n                    Art\u00edculo                  <\/div>\r\n                  <h4 class=\"block_news_element_title\">\r\n                    <a href=\"https:\/\/pkf.areaf5.es\/tecnologia\/novedades-itc\/tour-interactivo-sage-x3\/\" title=\"ERP Sage X3: La soluci\u00f3n que transforma la gesti\u00f3n empresarial\">ERP Sage X3: La soluci\u00f3n que transforma la gesti\u00f3n empresarial<\/a>\r\n                  <\/h4>\r\n                  <div class=\"block_news_element_cta\">\r\n                    <a href=\"https:\/\/pkf.areaf5.es\/tecnologia\/novedades-itc\/tour-interactivo-sage-x3\/\" title=\"ERP Sage X3: La soluci\u00f3n que transforma la gesti\u00f3n empresarial\">Leer m\u00e1s<\/a>\r\n                  <\/div>\r\n                <\/div>\r\n              <\/div>\r\n                      <div class=\"block_news_element block_news_element_articulo \" data-id=\"18910\">\r\n                <div class=\"block_news_element_image\">\r\n                  <img loading=\"lazy\" decoding=\"async\" src=\"https:\/\/pkf.areaf5.es\/tecnologia\/wp-content\/uploads\/sites\/2\/2025\/12\/banner_articulo_verifactu_aplazamiento-392x180.png\" alt=\"Entrada en vigor de Verifactu en 2027: nueva fecha y qu\u00e9 cambia para empresas y aut\u00f3nomos\" width=\"392\" height=\"222\" \/>\r\n                <\/div>\r\n                <div class=\"block_news_element_content\">\r\n                  <div class=\"block_news_element_tag\">\r\n                    Art\u00edculo                  <\/div>\r\n                  <h4 class=\"block_news_element_title\">\r\n                    <a href=\"https:\/\/pkf.areaf5.es\/tecnologia\/novedades-itc\/aplazamiento-verifactu-2027\/\" title=\"Entrada en vigor de Verifactu en 2027: nueva fecha y qu\u00e9 cambia para empresas y aut\u00f3nomos\">Entrada en vigor de Verifactu en 2027: nueva fecha y qu\u00e9 cambia para empresas y aut\u00f3nomos<\/a>\r\n                  <\/h4>\r\n                  <div class=\"block_news_element_cta\">\r\n                    <a href=\"https:\/\/pkf.areaf5.es\/tecnologia\/novedades-itc\/aplazamiento-verifactu-2027\/\" title=\"Entrada en vigor de Verifactu en 2027: nueva fecha y qu\u00e9 cambia para empresas y aut\u00f3nomos\">Leer m\u00e1s<\/a>\r\n                  <\/div>\r\n                <\/div>\r\n              <\/div>\r\n                      <div class=\"block_news_element block_news_element_articulo \" data-id=\"18830\">\r\n                <div class=\"block_news_element_image\">\r\n                  <img loading=\"lazy\" decoding=\"async\" src=\"https:\/\/pkf.areaf5.es\/tecnologia\/wp-content\/uploads\/sites\/2\/2025\/11\/banner_articulo_sage_partners-392x180.png\" alt=\"PKF Attest presente en Sage Future for Partners: Innovaci\u00f3n, IA y estrategia para partners\" width=\"392\" height=\"222\" \/>\r\n                <\/div>\r\n                <div class=\"block_news_element_content\">\r\n                  <div class=\"block_news_element_tag\">\r\n                    Art\u00edculo                  <\/div>\r\n                  <h4 class=\"block_news_element_title\">\r\n                    <a href=\"https:\/\/pkf.areaf5.es\/tecnologia\/novedades-itc\/evento-sage-future-partners-innovacion-ia\/\" title=\"PKF Attest presente en Sage Future for Partners: Innovaci\u00f3n, IA y estrategia para partners\">PKF Attest presente en Sage Future for Partners: Innovaci\u00f3n, IA y estrategia para partners<\/a>\r\n                  <\/h4>\r\n                  <div class=\"block_news_element_cta\">\r\n                    <a href=\"https:\/\/pkf.areaf5.es\/tecnologia\/novedades-itc\/evento-sage-future-partners-innovacion-ia\/\" title=\"PKF Attest presente en Sage Future for Partners: Innovaci\u00f3n, IA y estrategia para partners\">Leer m\u00e1s<\/a>\r\n                  <\/div>\r\n                <\/div>\r\n              <\/div>\r\n                      <div class=\"block_news_element block_news_element_articulo \" data-id=\"18631\">\r\n                <div class=\"block_news_element_image\">\r\n                  <img loading=\"lazy\" decoding=\"async\" src=\"https:\/\/pkf.areaf5.es\/tecnologia\/wp-content\/uploads\/sites\/2\/2025\/10\/Captura-de-pantalla-2025-10-03-131306-392x222.png\" alt=\"\u00bfEs Sage X3 el ERP adecuado para mi empresa?\" width=\"392\" height=\"222\" \/>\r\n                <\/div>\r\n                <div class=\"block_news_element_content\">\r\n                  <div class=\"block_news_element_tag\">\r\n                    Art\u00edculo                  <\/div>\r\n                  <h4 class=\"block_news_element_title\">\r\n                    <a href=\"https:\/\/pkf.areaf5.es\/tecnologia\/novedades-itc\/sage-x3-erp-adecuado-empresa\/\" title=\"\u00bfEs Sage X3 el ERP adecuado para mi empresa?\">\u00bfEs Sage X3 el ERP adecuado para mi empresa?<\/a>\r\n                  <\/h4>\r\n                  <div class=\"block_news_element_cta\">\r\n                    <a href=\"https:\/\/pkf.areaf5.es\/tecnologia\/novedades-itc\/sage-x3-erp-adecuado-empresa\/\" title=\"\u00bfEs Sage X3 el ERP adecuado para mi empresa?\">Leer m\u00e1s<\/a>\r\n                  <\/div>\r\n                <\/div>\r\n              <\/div>\r\n                      <div class=\"block_news_element block_news_element_articulo \" data-id=\"18544\">\r\n                <div class=\"block_news_element_image\">\r\n                  <img loading=\"lazy\" decoding=\"async\" src=\"https:\/\/pkf.areaf5.es\/tecnologia\/wp-content\/uploads\/sites\/2\/2025\/09\/interfaz-sage-x3-min-392x222.jpg\" alt=\"Ventajas de Sage X3 frente a otros ERPs\" width=\"392\" height=\"222\" \/>\r\n                <\/div>\r\n                <div class=\"block_news_element_content\">\r\n                  <div class=\"block_news_element_tag\">\r\n                    Art\u00edculo                  <\/div>\r\n                  <h4 class=\"block_news_element_title\">\r\n                    <a href=\"https:\/\/pkf.areaf5.es\/tecnologia\/novedades-itc\/ventajas-sage-x3-frente-erps\/\" title=\"Ventajas de Sage X3 frente a otros ERPs\">Ventajas de Sage X3 frente a otros ERPs<\/a>\r\n                  <\/h4>\r\n                  <div class=\"block_news_element_cta\">\r\n                    <a href=\"https:\/\/pkf.areaf5.es\/tecnologia\/novedades-itc\/ventajas-sage-x3-frente-erps\/\" title=\"Ventajas de Sage X3 frente a otros ERPs\">Leer m\u00e1s<\/a>\r\n                  <\/div>\r\n                <\/div>\r\n              <\/div>\r\n                      <div class=\"block_news_element block_news_element_articulo \" data-id=\"18122\">\r\n                <div class=\"block_news_element_image\">\r\n                  <img loading=\"lazy\" decoding=\"async\" src=\"https:\/\/pkf.areaf5.es\/tecnologia\/wp-content\/uploads\/sites\/2\/2025\/04\/29440-min-392x222.jpg\" alt=\"Control y gesti\u00f3n del almac\u00e9n: claves para una cadena de suministro eficiente\" width=\"392\" height=\"222\" \/>\r\n                <\/div>\r\n                <div class=\"block_news_element_content\">\r\n                  <div class=\"block_news_element_tag\">\r\n                    Art\u00edculo                  <\/div>\r\n                  <h4 class=\"block_news_element_title\">\r\n                    <a href=\"https:\/\/pkf.areaf5.es\/tecnologia\/novedades-itc\/gestion-almacen-cadena-de-suministro-sagex3\/\" title=\"Control y gesti\u00f3n del almac\u00e9n: claves para una cadena de suministro eficiente\">Control y gesti\u00f3n del almac\u00e9n: claves para una cadena de suministro eficiente<\/a>\r\n                  <\/h4>\r\n                  <div class=\"block_news_element_cta\">\r\n                    <a href=\"https:\/\/pkf.areaf5.es\/tecnologia\/novedades-itc\/gestion-almacen-cadena-de-suministro-sagex3\/\" title=\"Control y gesti\u00f3n del almac\u00e9n: claves para una cadena de suministro eficiente\">Leer m\u00e1s<\/a>\r\n                  <\/div>\r\n                <\/div>\r\n              <\/div>\r\n              <\/div>\r\n    <\/div>\r\n  <\/div>\r\n  <\/div>\r\n\n\n\n<p class=\"wp-block-paragraph\"><\/p>\n<\/div><\/div>\n<\/div><\/div>\n","protected":false},"featured_media":12097,"template":"","categories":[],"tags":[136,110,114],"novedades_itc":[],"class_list":["post-12026","novedades-itc","type-novedades-itc","status-publish","has-post-thumbnail","tag-caso_exito","tag-erp","tag-sagex3","entry"],"acf":[],"yoast_head":"<!-- This site is optimized with the Yoast SEO Premium plugin v27.5 (Yoast SEO v28.3) - https:\/\/yoast.com\/product\/yoast-seo-premium-wordpress\/ -->\n<title>Remax Espa\u00f1a, 20 a\u00f1os con Sage X3 y PKF Attest<\/title>\n<meta name=\"description\" content=\"Remax Espa\u00f1a necesitaba un sistema donde las franquiciadas reportaran a la central, de manera \u00e1gil, eficiente y fiable. PKF Attest le acompa\u00f1\u00f3 en la implantaci\u00f3n de Sage X3.\" \/>\n<meta name=\"robots\" content=\"index, follow, max-snippet:-1, max-image-preview:large, max-video-preview:-1\" \/>\n<link rel=\"canonical\" href=\"https:\/\/www.pkf-attest.es\/tecnologia\/novedades-itc\/remax-espana-sage-x3\/\" \/>\n<meta property=\"og:locale\" content=\"es_ES\" \/>\n<meta property=\"og:type\" content=\"article\" \/>\n<meta property=\"og:title\" content=\"Remax Espa\u00f1a, 20 a\u00f1os con Sage X3 y PKF Attest\" \/>\n<meta property=\"og:description\" content=\"Remax Espa\u00f1a necesitaba un sistema donde las franquiciadas reportaran a la central, de manera \u00e1gil, eficiente y fiable. PKF Attest le acompa\u00f1\u00f3 en la implantaci\u00f3n de Sage X3.\" \/>\n<meta property=\"og:url\" content=\"https:\/\/www.pkf-attest.es\/tecnologia\/novedades-itc\/remax-espana-sage-x3\/\" \/>\n<meta property=\"og:site_name\" content=\"PKF Attest Tecnologia\" \/>\n<meta property=\"article:modified_time\" content=\"2024-06-18T12:20:59+00:00\" \/>\n<meta property=\"og:image\" content=\"https:\/\/www.pkf-attest.es\/tecnologia\/wp-content\/uploads\/sites\/2\/2024\/05\/Captura-de-pantalla-2024-05-08-090722.png\" \/>\n\t<meta property=\"og:image:width\" content=\"1918\" \/>\n\t<meta property=\"og:image:height\" content=\"1028\" \/>\n\t<meta property=\"og:image:type\" content=\"image\/png\" \/>\n<meta name=\"twitter:card\" content=\"summary_large_image\" \/>\n<meta name=\"twitter:label1\" content=\"Tiempo de lectura\" \/>\n\t<meta name=\"twitter:data1\" content=\"2 minutos\" \/>\n<script type=\"application\/ld+json\" class=\"yoast-schema-graph\">{\"@context\":\"https:\\\/\\\/schema.org\",\"@graph\":[{\"@type\":\"WebPage\",\"@id\":\"https:\\\/\\\/www.pkf-attest.es\\\/tecnologia\\\/novedades-itc\\\/remax-espana-sage-x3\\\/\",\"url\":\"https:\\\/\\\/www.pkf-attest.es\\\/tecnologia\\\/novedades-itc\\\/remax-espana-sage-x3\\\/\",\"name\":\"Remax Espa\u00f1a, 20 a\u00f1os con Sage X3 y PKF Attest\",\"isPartOf\":{\"@id\":\"https:\\\/\\\/www.pkf-attest.es\\\/tecnologia\\\/#website\"},\"primaryImageOfPage\":{\"@id\":\"https:\\\/\\\/www.pkf-attest.es\\\/tecnologia\\\/novedades-itc\\\/remax-espana-sage-x3\\\/#primaryimage\"},\"image\":{\"@id\":\"https:\\\/\\\/www.pkf-attest.es\\\/tecnologia\\\/novedades-itc\\\/remax-espana-sage-x3\\\/#primaryimage\"},\"thumbnailUrl\":\"https:\\\/\\\/pkf.areaf5.es\\\/tecnologia\\\/wp-content\\\/uploads\\\/sites\\\/2\\\/2024\\\/05\\\/Captura-de-pantalla-2024-05-08-090722.png\",\"datePublished\":\"2024-05-07T16:20:25+00:00\",\"dateModified\":\"2024-06-18T12:20:59+00:00\",\"description\":\"Remax Espa\u00f1a necesitaba un sistema donde las franquiciadas reportaran a la central, de manera \u00e1gil, eficiente y fiable. PKF Attest le acompa\u00f1\u00f3 en la implantaci\u00f3n de Sage X3.\",\"breadcrumb\":{\"@id\":\"https:\\\/\\\/www.pkf-attest.es\\\/tecnologia\\\/novedades-itc\\\/remax-espana-sage-x3\\\/#breadcrumb\"},\"inLanguage\":\"es\",\"potentialAction\":[{\"@type\":\"ReadAction\",\"target\":[\"https:\\\/\\\/www.pkf-attest.es\\\/tecnologia\\\/novedades-itc\\\/remax-espana-sage-x3\\\/\"]}]},{\"@type\":\"ImageObject\",\"inLanguage\":\"es\",\"@id\":\"https:\\\/\\\/www.pkf-attest.es\\\/tecnologia\\\/novedades-itc\\\/remax-espana-sage-x3\\\/#primaryimage\",\"url\":\"https:\\\/\\\/pkf.areaf5.es\\\/tecnologia\\\/wp-content\\\/uploads\\\/sites\\\/2\\\/2024\\\/05\\\/Captura-de-pantalla-2024-05-08-090722.png\",\"contentUrl\":\"https:\\\/\\\/pkf.areaf5.es\\\/tecnologia\\\/wp-content\\\/uploads\\\/sites\\\/2\\\/2024\\\/05\\\/Captura-de-pantalla-2024-05-08-090722.png\",\"width\":1918,\"height\":1028,\"caption\":\"Remax Espa\u00f1a, 20 a\u00f1os con Sage X3 de la mano de PKF Attest\"},{\"@type\":\"BreadcrumbList\",\"@id\":\"https:\\\/\\\/www.pkf-attest.es\\\/tecnologia\\\/novedades-itc\\\/remax-espana-sage-x3\\\/#breadcrumb\",\"itemListElement\":[{\"@type\":\"ListItem\",\"position\":1,\"name\":\"Portada\",\"item\":\"https:\\\/\\\/www.pkf-attest.es\\\/tecnologia\\\/\"},{\"@type\":\"ListItem\",\"position\":2,\"name\":\"Remax Espa\u00f1a, 20 a\u00f1os con Sage X3 y PKF Attest\"}]},{\"@type\":\"WebSite\",\"@id\":\"https:\\\/\\\/www.pkf-attest.es\\\/tecnologia\\\/#website\",\"url\":\"https:\\\/\\\/www.pkf-attest.es\\\/tecnologia\\\/\",\"name\":\"PKF Attest Tecnologia\",\"description\":\"PKF Attest Tecnologia\",\"publisher\":{\"@id\":\"https:\\\/\\\/www.pkf-attest.es\\\/tecnologia\\\/#organization\"},\"potentialAction\":[{\"@type\":\"SearchAction\",\"target\":{\"@type\":\"EntryPoint\",\"urlTemplate\":\"https:\\\/\\\/www.pkf-attest.es\\\/tecnologia\\\/?s={search_term_string}\"},\"query-input\":{\"@type\":\"PropertyValueSpecification\",\"valueRequired\":true,\"valueName\":\"search_term_string\"}}],\"inLanguage\":\"es\"},{\"@type\":\"Organization\",\"@id\":\"https:\\\/\\\/www.pkf-attest.es\\\/tecnologia\\\/#organization\",\"name\":\"PKF Attest Tecnologia\",\"url\":\"https:\\\/\\\/www.pkf-attest.es\\\/tecnologia\\\/\",\"logo\":{\"@type\":\"ImageObject\",\"inLanguage\":\"es\",\"@id\":\"https:\\\/\\\/www.pkf-attest.es\\\/tecnologia\\\/#\\\/schema\\\/logo\\\/image\\\/\",\"url\":\"https:\\\/\\\/pkf.areaf5.es\\\/tecnologia\\\/wp-content\\\/uploads\\\/sites\\\/2\\\/2023\\\/12\\\/Logotipo_PKF-Attest-675x675-1.jpg\",\"contentUrl\":\"https:\\\/\\\/pkf.areaf5.es\\\/tecnologia\\\/wp-content\\\/uploads\\\/sites\\\/2\\\/2023\\\/12\\\/Logotipo_PKF-Attest-675x675-1.jpg\",\"width\":675,\"height\":675,\"caption\":\"PKF Attest Tecnologia\"},\"image\":{\"@id\":\"https:\\\/\\\/www.pkf-attest.es\\\/tecnologia\\\/#\\\/schema\\\/logo\\\/image\\\/\"}}]}<\/script>\n<!-- \/ Yoast SEO Premium plugin. -->","yoast_head_json":{"title":"Remax Espa\u00f1a, 20 a\u00f1os con Sage X3 y PKF Attest","description":"Remax Espa\u00f1a necesitaba un sistema donde las franquiciadas reportaran a la central, de manera \u00e1gil, eficiente y fiable. PKF Attest le acompa\u00f1\u00f3 en la implantaci\u00f3n de Sage X3.","robots":{"index":"index","follow":"follow","max-snippet":"max-snippet:-1","max-image-preview":"max-image-preview:large","max-video-preview":"max-video-preview:-1"},"canonical":"https:\/\/www.pkf-attest.es\/tecnologia\/novedades-itc\/remax-espana-sage-x3\/","og_locale":"es_ES","og_type":"article","og_title":"Remax Espa\u00f1a, 20 a\u00f1os con Sage X3 y PKF Attest","og_description":"Remax Espa\u00f1a necesitaba un sistema donde las franquiciadas reportaran a la central, de manera \u00e1gil, eficiente y fiable. PKF Attest le acompa\u00f1\u00f3 en la implantaci\u00f3n de Sage X3.","og_url":"https:\/\/www.pkf-attest.es\/tecnologia\/novedades-itc\/remax-espana-sage-x3\/","og_site_name":"PKF Attest Tecnologia","article_modified_time":"2024-06-18T12:20:59+00:00","og_image":[{"width":1918,"height":1028,"url":"https:\/\/www.pkf-attest.es\/tecnologia\/wp-content\/uploads\/sites\/2\/2024\/05\/Captura-de-pantalla-2024-05-08-090722.png","type":"image\/png"}],"twitter_card":"summary_large_image","twitter_misc":{"Tiempo de lectura":"2 minutos"},"schema":{"@context":"https:\/\/schema.org","@graph":[{"@type":"WebPage","@id":"https:\/\/www.pkf-attest.es\/tecnologia\/novedades-itc\/remax-espana-sage-x3\/","url":"https:\/\/www.pkf-attest.es\/tecnologia\/novedades-itc\/remax-espana-sage-x3\/","name":"Remax Espa\u00f1a, 20 a\u00f1os con Sage X3 y PKF Attest","isPartOf":{"@id":"https:\/\/www.pkf-attest.es\/tecnologia\/#website"},"primaryImageOfPage":{"@id":"https:\/\/www.pkf-attest.es\/tecnologia\/novedades-itc\/remax-espana-sage-x3\/#primaryimage"},"image":{"@id":"https:\/\/www.pkf-attest.es\/tecnologia\/novedades-itc\/remax-espana-sage-x3\/#primaryimage"},"thumbnailUrl":"https:\/\/pkf.areaf5.es\/tecnologia\/wp-content\/uploads\/sites\/2\/2024\/05\/Captura-de-pantalla-2024-05-08-090722.png","datePublished":"2024-05-07T16:20:25+00:00","dateModified":"2024-06-18T12:20:59+00:00","description":"Remax Espa\u00f1a necesitaba un sistema donde las franquiciadas reportaran a la central, de manera \u00e1gil, eficiente y fiable. PKF Attest le acompa\u00f1\u00f3 en la implantaci\u00f3n de Sage X3.","breadcrumb":{"@id":"https:\/\/www.pkf-attest.es\/tecnologia\/novedades-itc\/remax-espana-sage-x3\/#breadcrumb"},"inLanguage":"es","potentialAction":[{"@type":"ReadAction","target":["https:\/\/www.pkf-attest.es\/tecnologia\/novedades-itc\/remax-espana-sage-x3\/"]}]},{"@type":"ImageObject","inLanguage":"es","@id":"https:\/\/www.pkf-attest.es\/tecnologia\/novedades-itc\/remax-espana-sage-x3\/#primaryimage","url":"https:\/\/pkf.areaf5.es\/tecnologia\/wp-content\/uploads\/sites\/2\/2024\/05\/Captura-de-pantalla-2024-05-08-090722.png","contentUrl":"https:\/\/pkf.areaf5.es\/tecnologia\/wp-content\/uploads\/sites\/2\/2024\/05\/Captura-de-pantalla-2024-05-08-090722.png","width":1918,"height":1028,"caption":"Remax Espa\u00f1a, 20 a\u00f1os con Sage X3 de la mano de PKF Attest"},{"@type":"BreadcrumbList","@id":"https:\/\/www.pkf-attest.es\/tecnologia\/novedades-itc\/remax-espana-sage-x3\/#breadcrumb","itemListElement":[{"@type":"ListItem","position":1,"name":"Portada","item":"https:\/\/www.pkf-attest.es\/tecnologia\/"},{"@type":"ListItem","position":2,"name":"Remax Espa\u00f1a, 20 a\u00f1os con Sage X3 y PKF Attest"}]},{"@type":"WebSite","@id":"https:\/\/www.pkf-attest.es\/tecnologia\/#website","url":"https:\/\/www.pkf-attest.es\/tecnologia\/","name":"PKF Attest Tecnologia","description":"PKF Attest Tecnologia","publisher":{"@id":"https:\/\/www.pkf-attest.es\/tecnologia\/#organization"},"potentialAction":[{"@type":"SearchAction","target":{"@type":"EntryPoint","urlTemplate":"https:\/\/www.pkf-attest.es\/tecnologia\/?s={search_term_string}"},"query-input":{"@type":"PropertyValueSpecification","valueRequired":true,"valueName":"search_term_string"}}],"inLanguage":"es"},{"@type":"Organization","@id":"https:\/\/www.pkf-attest.es\/tecnologia\/#organization","name":"PKF Attest Tecnologia","url":"https:\/\/www.pkf-attest.es\/tecnologia\/","logo":{"@type":"ImageObject","inLanguage":"es","@id":"https:\/\/www.pkf-attest.es\/tecnologia\/#\/schema\/logo\/image\/","url":"https:\/\/pkf.areaf5.es\/tecnologia\/wp-content\/uploads\/sites\/2\/2023\/12\/Logotipo_PKF-Attest-675x675-1.jpg","contentUrl":"https:\/\/pkf.areaf5.es\/tecnologia\/wp-content\/uploads\/sites\/2\/2023\/12\/Logotipo_PKF-Attest-675x675-1.jpg","width":675,"height":675,"caption":"PKF Attest Tecnologia"},"image":{"@id":"https:\/\/www.pkf-attest.es\/tecnologia\/#\/schema\/logo\/image\/"}}]}},"_links":{"self":[{"href":"https:\/\/pkf.areaf5.es\/tecnologia\/wp-json\/wp\/v2\/novedades-itc\/12026","targetHints":{"allow":["GET"]}}],"collection":[{"href":"https:\/\/pkf.areaf5.es\/tecnologia\/wp-json\/wp\/v2\/novedades-itc"}],"about":[{"href":"https:\/\/pkf.areaf5.es\/tecnologia\/wp-json\/wp\/v2\/types\/novedades-itc"}],"wp:featuredmedia":[{"embeddable":true,"href":"https:\/\/pkf.areaf5.es\/tecnologia\/wp-json\/wp\/v2\/media\/12097"}],"wp:attachment":[{"href":"https:\/\/pkf.areaf5.es\/tecnologia\/wp-json\/wp\/v2\/media?parent=12026"}],"wp:term":[{"taxonomy":"category","embeddable":true,"href":"https:\/\/pkf.areaf5.es\/tecnologia\/wp-json\/wp\/v2\/categories?post=12026"},{"taxonomy":"post_tag","embeddable":true,"href":"https:\/\/pkf.areaf5.es\/tecnologia\/wp-json\/wp\/v2\/tags?post=12026"},{"taxonomy":"novedades_itc","embeddable":true,"href":"https:\/\/pkf.areaf5.es\/tecnologia\/wp-json\/wp\/v2\/novedades_itc?post=12026"}],"curies":[{"name":"wp","href":"https:\/\/api.w.org\/{rel}","templated":true}]}}